{"id":630,"date":"2024-02-06T16:27:17","date_gmt":"2024-02-06T15:27:17","guid":{"rendered":"https:\/\/igmensch.org\/?page_id=630"},"modified":"2025-04-19T21:47:14","modified_gmt":"2025-04-19T19:47:14","slug":"radio-mensch","status":"publish","type":"page","link":"https:\/\/igmensch.org\/ig-mensch-startseite\/radio-mensch\/","title":{"rendered":"RADIO MENSCH"},"content":{"rendered":"\n<figure class=\"wp-block-image size-full\"><a href=\"https:\/\/igmensch.org\/beitrags-zahlung\/\"><img loading=\"lazy\" decoding=\"async\" width=\"638\" height=\"34\" src=\"https:\/\/igmensch.org\/wp-content\/uploads\/2025\/04\/Spenden-Beitraege-Einzahlungen-Jahres-Abo.png\" alt=\"\" class=\"wp-image-32435\" srcset=\"https:\/\/igmensch.org\/wp-content\/uploads\/2025\/04\/Spenden-Beitraege-Einzahlungen-Jahres-Abo.png 638w, https:\/\/igmensch.org\/wp-content\/uploads\/2025\/04\/Spenden-Beitraege-Einzahlungen-Jahres-Abo-300x16.png 300w\" sizes=\"auto, (max-width: 638px) 100vw, 638px\" \/><\/a><\/figure>\n\n\n\n<figure class=\"wp-block-image size-full is-resized\"><img loading=\"lazy\" decoding=\"async\" width=\"740\" height=\"12\" src=\"https:\/\/igmensch.org\/wp-content\/uploads\/2024\/02\/linie-gelb-600-1.png\" alt=\"\" class=\"wp-image-834\" style=\"width:620px\" srcset=\"https:\/\/igmensch.org\/wp-content\/uploads\/2024\/02\/linie-gelb-600-1.png 740w, https:\/\/igmensch.org\/wp-content\/uploads\/2024\/02\/linie-gelb-600-1-300x5.png 300w, https:\/\/igmensch.org\/wp-content\/uploads\/2024\/02\/linie-gelb-600-1-480x8.png 480w\" sizes=\"auto, (max-width: 740px) 100vw, 740px\" \/><\/figure>\n\n\n\n<figure class=\"wp-block-image size-large\"><img loading=\"lazy\" decoding=\"async\" width=\"1024\" height=\"444\" src=\"https:\/\/igmensch.org\/wp-content\/uploads\/2024\/02\/2024-02-28-aether-freier-menschen.jpg?w=1024\" alt=\"\" class=\"wp-image-1384\" srcset=\"https:\/\/igmensch.org\/wp-content\/uploads\/2024\/02\/2024-02-28-aether-freier-menschen.jpg 1024w, https:\/\/igmensch.org\/wp-content\/uploads\/2024\/02\/2024-02-28-aether-freier-menschen-300x130.jpg 300w, https:\/\/igmensch.org\/wp-content\/uploads\/2024\/02\/2024-02-28-aether-freier-menschen-768x333.jpg 768w, https:\/\/igmensch.org\/wp-content\/uploads\/2024\/02\/2024-02-28-aether-freier-menschen-980x425.jpg 980w, https:\/\/igmensch.org\/wp-content\/uploads\/2024\/02\/2024-02-28-aether-freier-menschen-480x208.jpg 480w\" sizes=\"auto, (max-width: 1024px) 100vw, 1024px\" \/><\/figure>\n\n\n\n<div class=\"wp-block-columns is-layout-flex wp-container-core-columns-is-layout-28f84493 wp-block-columns-is-layout-flex\">\n<div class=\"wp-block-column is-layout-flow wp-block-column-is-layout-flow\"><\/div>\n\n\n\n<div class=\"wp-block-column is-layout-flow wp-block-column-is-layout-flow\"><\/div>\n\n\n\n<div class=\"wp-block-column is-layout-flow wp-block-column-is-layout-flow\">\n<figure class=\"wp-block-image aligncenter size-full\"><img loading=\"lazy\" decoding=\"async\" width=\"103\" height=\"63\" src=\"https:\/\/igmensch.org\/wp-content\/uploads\/2024\/02\/pfeile-abwaerts-1.png\" alt=\"\" class=\"wp-image-1390\"\/><\/figure>\n<\/div>\n\n\n\n<div class=\"wp-block-column is-layout-flow wp-block-column-is-layout-flow\"><\/div>\n\n\n\n<div class=\"wp-block-column is-layout-flow wp-block-column-is-layout-flow\"><\/div>\n<\/div>\n\n\n\n<p>Liebe RADIO MENSCH-Freunde. Wir haben das erste Jahr &#8218;Aufbau&#8216; geschafft und sind bereits im zweiten Aufbaujahr. Laufend kommen neue M\u00f6glichkeiten und neue Angebote f\u00fcr unsere Mitglieder in IG MENSCH (<a href=\"https:\/\/igmensch.org\/ig-mensch-startseite\/radio-mensch\/\">igmensch.org<\/a>). Nebst Kino, Bibliothek und Laden wird auch im Radio Mix um Mix eingestellt. In der f\u00fcr uns feierlichen Jubil\u00e4umszeit, freuen wir uns, Euch zwei herausragend feine Vinyl-Mixes der Serie DREAM OF JOY online zu pr\u00e4sentieren.<\/p>\n\n\n\n<p>Eine kleine Bitte an Euch: Bitte macht Mund-zu-Mund-Werbung f\u00fcr uns. Mitglieder helfen uns die Kosten zu stemmen. Danke Euch, dass Ihr mit uns seid. (NEU: Jetzt sogar mit TWINT Zahlung m\u00f6glich!)<\/p>\n\n\n\n<figure class=\"wp-block-image size-full\"><a href=\"https:\/\/igmensch.org\/abc-musik-liste-2\/\"><img loading=\"lazy\" decoding=\"async\" width=\"775\" height=\"90\" src=\"https:\/\/igmensch.org\/wp-content\/uploads\/2024\/05\/IG-MENSCH-Musik-Augabe.jpg\" alt=\"\" class=\"wp-image-29508\" srcset=\"https:\/\/igmensch.org\/wp-content\/uploads\/2024\/05\/IG-MENSCH-Musik-Augabe.jpg 775w, https:\/\/igmensch.org\/wp-content\/uploads\/2024\/05\/IG-MENSCH-Musik-Augabe-300x35.jpg 300w, https:\/\/igmensch.org\/wp-content\/uploads\/2024\/05\/IG-MENSCH-Musik-Augabe-768x89.jpg 768w\" sizes=\"auto, (max-width: 775px) 100vw, 775px\" \/><\/a><\/figure>\n\n\n\n<p>MITGLIED WERDEN: <a href=\"https:\/\/igmensch.org\/registration-aktiv-user\/\">https:\/\/igmensch.org\/registration-aktiv-user\/<\/a><\/p>\n\n\n\n<p><strong>Projektleitende<\/strong>: Armin &amp; Diro<br>In etwa w\u00f6chentlich erscheinen in unserem Streaming\/Download-Musikradio RADIO MENSCH ein bis zwei Music-Mixes der Extraklasse. Als AKTIV-User geniesst Du stundenlange, wohlf\u00fchlf\u00f6rdernde Kompositionen und Arrangements, die Du f\u00fcr Deinen privaten Bereich streamen oder downloaden kannst. Anmerkung zum Start: Wir tun was wir k\u00f6nnen, dass jetzt im Startjahr noch mehr Mixes f\u00fcr Euch bereitstehen.<\/p>\n\n\n\n<div style=\"height:30px\" aria-hidden=\"true\" class=\"wp-block-spacer\"><\/div>\n\n\n\n<figure class=\"wp-block-embed aligncenter is-type-wp-embed is-provider-rumble-com wp-block-embed-rumble-com\" style=\"margin-right:0;margin-left:0\"><div class=\"wp-block-embed__wrapper\">\n<iframe loading=\"lazy\" class=\"wp-embedded-content\" sandbox=\"allow-scripts\" security=\"restricted\" title=\"AKTIV 480x272_MUSiGSTu\u0308BLi___EINLADUNG\" src=\"https:\/\/rumble.com\/embed\/v4d7sd9\/#?secret=kH1gvkQXRn\" data-secret=\"kH1gvkQXRn\" width=\"480\" height=\"272\" frameborder=\"0\"><\/iframe>\n<\/div><figcaption class=\"wp-element-caption\">Music St\u00fcbli um sich zu treffen, plaudern, h\u00f6ren, austauschen<\/figcaption><\/figure>\n\n\n\n<p><strong>MUSiGST\u00fcBLi<\/strong><\/p>\n\n\n\n<p>Unser MUSIGST\u00dcBLI. Gem\u00fctlich beisammen sein, sich austauschen, beim Kaffee oder Tee, Wasser, Wein oder Bier, so geht das hier. Bis 10 Menschen k\u00f6nnen im Winter , im Sommer bis rund 30\/40 Musikliebhaber, geniessen und sich sein.<\/p>\n\n\n\n<p>Auf Anfrage finden wir f\u00fcr Dich auch Tage und Abende f\u00fcr private Feste, Grillplausch und andere Treffen mit vertrauten Menschen. Eventuell und wenn gew\u00fcnscht, ist unserseits auch ein Catering- Service m\u00f6glich. Bei Interesse melde Dich mit dem Vermerk \u00abMUSiGST\u00fcBLi\u00bb <\/p>\n\n\n\n<p>bei: <a href=\"https:\/\/igmensch.org\/kontakt\/\">info_AT_igmensch.org<\/a> und <a href=\"https:\/\/igmensch.org\/kontakt\/\">webmaster_at_igmensch.org<\/a><\/p>\n\n\n\n<p>Wir freuen uns auf Deine Anfrage. <\/p>\n\n\n\n<p>Bis bald. <\/p>\n\n\n\n<p>Dein MUSiGST\u00fcBLi-TEAM<\/p>\n\n\n\n<div style=\"height:20px\" aria-hidden=\"true\" class=\"wp-block-spacer\"><\/div>\n\n\n\n<div class=\"wp-block-columns is-layout-flex wp-container-core-columns-is-layout-28f84493 wp-block-columns-is-layout-flex\">\n<div class=\"wp-block-column is-layout-flow wp-block-column-is-layout-flow\" style=\"flex-basis:66.66%\">\n<ul class=\"wp-block-list\">\n<li><a href=\"http:\/\/igmensch.org\/?page_id=646\"><strong>RECHTLICHE HINWEISE<\/strong><\/a><\/li>\n<\/ul>\n<\/div>\n<\/div>\n\n\n\n<figure class=\"wp-block-image size-full is-resized\"><img loading=\"lazy\" decoding=\"async\" width=\"740\" height=\"12\" src=\"https:\/\/igmensch.org\/wp-content\/uploads\/2024\/02\/linie-gelb-600-1.png\" alt=\"\" class=\"wp-image-834\" style=\"width:620px\" srcset=\"https:\/\/igmensch.org\/wp-content\/uploads\/2024\/02\/linie-gelb-600-1.png 740w, https:\/\/igmensch.org\/wp-content\/uploads\/2024\/02\/linie-gelb-600-1-300x5.png 300w, https:\/\/igmensch.org\/wp-content\/uploads\/2024\/02\/linie-gelb-600-1-480x8.png 480w\" sizes=\"auto, (max-width: 740px) 100vw, 740px\" \/><\/figure>\n\n\n\n<p class=\"has-text-align-right\"><strong><a href=\"https:\/\/igmensch.org\/ig-mensch-startseite\/radio-mensch\/\" data-type=\"page\" data-id=\"630\">Ganz nach oben<\/a><\/strong><\/p>\n","protected":false},"excerpt":{"rendered":"<p>Liebe RADIO MENSCH-Freunde. Wir haben das erste Jahr &#8218;Aufbau&#8216; geschafft und sind bereits im zweiten Aufbaujahr. Laufend kommen neue M\u00f6glichkeiten und neue Angebote f\u00fcr unsere Mitglieder in IG MENSCH (igmensch.org). Nebst Kino, Bibliothek und Laden wird auch im Radio Mix um Mix eingestellt. In der f\u00fcr uns feierlichen Jubil\u00e4umszeit, freuen wir uns, Euch zwei herausragend [&hellip;]<\/p>\n","protected":false},"author":1,"featured_media":0,"parent":0,"menu_order":0,"comment_status":"closed","ping_status":"closed","template":"","meta":{"footnotes":""},"class_list":["post-630","page","type-page","status-publish","hentry"],"jetpack_sharing_enabled":true,"_links":{"self":[{"href":"https:\/\/igmensch.org\/ig-mensch-startseite\/wp-json\/wp\/v2\/pages\/630","targetHints":{"allow":["GET"]}}],"collection":[{"href":"https:\/\/igmensch.org\/ig-mensch-startseite\/wp-json\/wp\/v2\/pages"}],"about":[{"href":"https:\/\/igmensch.org\/ig-mensch-startseite\/wp-json\/wp\/v2\/types\/page"}],"author":[{"embeddable":true,"href":"https:\/\/igmensch.org\/ig-mensch-startseite\/wp-json\/wp\/v2\/users\/1"}],"replies":[{"embeddable":true,"href":"https:\/\/igmensch.org\/ig-mensch-startseite\/wp-json\/wp\/v2\/comments?post=630"}],"version-history":[{"count":28,"href":"https:\/\/igmensch.org\/ig-mensch-startseite\/wp-json\/wp\/v2\/pages\/630\/revisions"}],"predecessor-version":[{"id":32479,"href":"https:\/\/igmensch.org\/ig-mensch-startseite\/wp-json\/wp\/v2\/pages\/630\/revisions\/32479"}],"wp:attachment":[{"href":"https:\/\/igmensch.org\/ig-mensch-startseite\/wp-json\/wp\/v2\/media?parent=630"}],"curies":[{"name":"wp","href":"https:\/\/api.w.org\/{rel}","templated":true}]}}